{"id":820,"date":"2026-09-03T14:07:41","date_gmt":"2026-09-03T12:07:41","guid":{"rendered":"https:\/\/dinrost.goteborg.se\/?page_id=820"},"modified":"2026-09-03T14:20:14","modified_gmt":"2026-09-03T12:20:14","slug":"fragor-till-partierna-pa-funktionsstodsdagarna","status":"publish","type":"page","link":"https:\/\/dinrost.goteborg.se\/?page_id=820","title":{"rendered":"Fr\u00e5gor till partierna fr\u00e5n funktionsst\u00f6dsdagarna"},"content":{"rendered":"\n<figure class=\"wp-block-image size-full\"><img loading=\"lazy\" decoding=\"async\" width=\"800\" height=\"600\" src=\"https:\/\/dinrost.goteborg.se\/wp-content\/uploads\/2026\/09\/787557735_122317192334064771_6379861045972512732_n.jpg\" alt=\"\" class=\"wp-image-821\" srcset=\"https:\/\/dinrost.goteborg.se\/wp-content\/uploads\/2026\/09\/787557735_122317192334064771_6379861045972512732_n.jpg 800w, https:\/\/dinrost.goteborg.se\/wp-content\/uploads\/2026\/09\/787557735_122317192334064771_6379861045972512732_n-300x225.jpg 300w, https:\/\/dinrost.goteborg.se\/wp-content\/uploads\/2026\/09\/787557735_122317192334064771_6379861045972512732_n-768x576.jpg 768w\" sizes=\"auto, (max-width: 800px) 100vw, 800px\" \/><\/figure>\n\n\n\n<p class=\"wp-block-paragraph\"><\/p>\n\n\n\n<p class=\"wp-block-paragraph\">I augusti ordnade f\u00f6rvaltningen f\u00f6r funktionsst\u00f6d tre dagar om valet, funktionsst\u00f6dsdagarna, p\u00e5 tre olika platser i G\u00f6teborg. Syftet var att fler personer med funktionsneds\u00e4ttning ska f\u00e5 kunskap om valet, k\u00e4nna sig trygga med att r\u00f6sta och kunna vara med och p\u00e5verka.<\/p>\n\n\n\n<p class=\"wp-block-paragraph\">Cirka 300 personer bes\u00f6kare kunde lyssna p\u00e5 f\u00f6rel\u00e4sningar, prova p\u00e5 hur det g\u00e5r till att r\u00f6sta och st\u00e4lla fr\u00e5gor till valambassad\u00f6rer och politiker. Alla fr\u00e5gor hanns inte med utan n\u00e5gra skickades till partierna skriftligt, h\u00e4r kan du l\u00e4sa deras svar.<\/p>\n\n\n\n<p class=\"wp-block-paragraph\"><\/p>\n\n\n\n<h2 class=\"wp-block-heading\">Fr\u00e5gor och svar till partierna<\/h2>\n\n\n\n<h3 class=\"wp-block-heading\"><strong>Det har avsl\u00f6jats flera fall av fusk med ROT-avdrag. Hur vill ni f\u00f6rhindra det?<\/strong><\/h3>\n\n\n\n<p class=\"wp-block-paragraph\">MP &#8211; Skattepengar ska anv\u00e4ndas r\u00e4tt och fusk ska bek\u00e4mpas. Vi vill att myndigheter ska ha tillr\u00e4ckliga resurser och bra m\u00f6jligheter att kontrollera utbetalningar och uppt\u00e4cka oseri\u00f6sa f\u00f6retag. Samtidigt ska systemen vara enkla att g\u00f6ra r\u00e4tt i. Om det finns luckor som g\u00f6r det l\u00e4tt att f\u00e5 pengar utan tillr\u00e4ckliga underlag beh\u00f6ver de t\u00e4ppas till.<\/p>\n\n\n\n<p class=\"wp-block-paragraph\">L &#8211; Vi ska stoppa fusk med skattepengar. Pengar som betalas ut fel kan inte anv\u00e4ndas till skola, v\u00e5rd och omsorg. I dag m\u00e5ste ett ROT-arbete vara gjort och betalt innan ett f\u00f6retag kan f\u00e5 pengar fr\u00e5n Skatteverket. Betalningen ska ocks\u00e5 kunna f\u00f6ljas elektroniskt. Vi vill att kontrollerna ska bli b\u00e4ttre. Myndigheterna ska kunna stoppa en misst\u00e4nkt utbetalning innan pengarna betalas ut. De ska ocks\u00e5 kunna kr\u00e4va tydliga bevis p\u00e5 att arbetet \u00e4r gjort. Om pengar har betalats ut fel ska de betalas tillbaka. Om n\u00e5gon misst\u00e4nks ha fuskat ska brottet anm\u00e4las till polisen. F\u00f6retag som sk\u00f6ter sig ska inte f\u00e5 on\u00f6digt mycket extra arbete. Kontrollerna ska fr\u00e4mst riktas mot dem d\u00e4r risken f\u00f6r fusk \u00e4r stor.<\/p>\n\n\n\n<p class=\"wp-block-paragraph\">C &#8211; Centerpartiet vill inte avskaffa ROT, men vi vill att det ska vara sv\u00e5rare att fuska och l\u00e4ttare att g\u00f6ra r\u00e4tt. D\u00e4rf\u00f6r beh\u00f6ver regler och kontroller ses \u00f6ver p\u00e5 ett smart smart s\u00e4tt.<\/p>\n\n\n\n<p class=\"wp-block-paragraph\">SD &#8211; ROT ska g\u00e5 till seri\u00f6sa f\u00f6retag och riktiga arbeten, inte till fuskare.&nbsp;Vi vill se b\u00e4ttre kontroller och informationsutbyte mellan myndigheter, s\u00e5 att falska eller \u00f6verdrivna underlag uppt\u00e4cks. Bidrag och skatteavdrag ska bygga p\u00e5 att man faktiskt uppfyller kraven. Fuskar man ska pengarna kunna kr\u00e4vas tillbaka och sanktioner sk\u00e4rpas.<\/p>\n\n\n\n<h3 class=\"wp-block-heading\"><strong>Varf\u00f6r har hyresg\u00e4ster p\u00e5 BmSS s\u00e5 sm\u00e5 m\u00f6jligheter att vara ute i samh\u00e4llet? Hur kan vi skapa mer delaktighet?<\/strong><\/h3>\n\n\n\n<p class=\"wp-block-paragraph\">MP &#8211; Den som bor i BmSS ska kunna leva sitt liv som andra. Det r\u00e4cker inte att ha en bostad och f\u00e5 sina grundl\u00e4ggande behov tillgodosedda. Man ska ocks\u00e5 kunna tr\u00e4ffa andra, delta i aktiviteter och vara en del av samh\u00e4llet. St\u00f6det m\u00e5ste utg\u00e5 fr\u00e5n varje persons behov och \u00f6nskem\u00e5l, inte fr\u00e5n verksamhetens schema. F\u00f6r att det ska fungera beh\u00f6vs ocks\u00e5 tillr\u00e4ckligt med personal, kontinuitet och personal med r\u00e4tt kompetens. Detta m\u00e5ste vi forts\u00e4tta arbeta aktivt med!<\/p>\n\n\n\n<p class=\"wp-block-paragraph\">L &#8211; Det \u00e4r inte bra om en person vill komma ut men bara f\u00e5r hj\u00e4lp med aktiviteter varannan vecka. En bostad med s\u00e4rskild service ska vara personens hem. Det \u00e4r inte personalens schema som ska best\u00e4mma hur personen f\u00e5r leva. St\u00f6det ska utg\u00e5 fr\u00e5n vad personen sj\u00e4lv vill och beh\u00f6ver. Det ska vara m\u00f6jligt att till exempel: g\u00e5 p\u00e5 caf\u00e9, tr\u00e4ffa v\u00e4nner, vara med i en f\u00f6rening, g\u00e5 p\u00e5 konserter och andra evenemang, komma ut p\u00e5 stan, Liberalerna vill f\u00f6lja upp varje persons plan b\u00e4ttre. Vi vill ocks\u00e5 kontrollera kvaliteten i BmSS oftare. Personer med funktionsneds\u00e4ttning ska f\u00e5 b\u00e4ttre m\u00f6jligheter till en bra fritid. F\u00f6reningar ska kunna f\u00e5 st\u00f6d till exempelvis ledsagare och utrustning. Det viktigaste \u00e4r att personen sj\u00e4lv f\u00e5r best\u00e4mma hur livet ska se ut.<\/p>\n\n\n\n<p class=\"wp-block-paragraph\">C &#8211; Jag kan bara h\u00e5lla med till en b\u00f6rjan. G\u00f6teborgs stad s\u00e4ger att alla ska leva ett gott liv och vara delaktiga i staden och i aktiviteter. Det f\u00e5r ju inte vara bara vackra ord utan vi m\u00e5ste se till att det blir s\u00e5. Ibland \u00e4r det ju s\u00e5, tyv\u00e4rr, att politiker s\u00e4ger en sak som sedan inte blir som det \u00e4r t\u00e4nkt i verkligheten. Lagen om st\u00f6d och service, LSS, \u00e4r en s\u00e5n sak. Lagen \u00e4r j\u00e4ttebra men den har tolkats under m\u00e5nga \u00e5r s\u00e5 att den inte skapar det som det var t\u00e4nkt. d\u00e4rf\u00f6r m\u00e5ste vi f\u00f6rb\u00e4ttra och f\u00f6rst\u00e4rka lagen s\u00e5 den blir som det var t\u00e4nkt&nbsp; &#8211; att alla ska ha r\u00e4tt att delta i samh\u00e4llet p\u00e5 lika villkor. s\u00e5 att samh\u00e4llet \u00e4r f\u00f6r alla &#8211; inte bara n\u00e5gra. S\u00e5 lagen m\u00e5ste bli bra igen och vi m\u00e5ste \u00f6ka sj\u00e4lvbest\u00e4mmandet \u00f6ver st\u00f6d och service. Dvs du m\u00e5ste sj\u00e4lv f\u00e5 best\u00e4mma mer vad du beh\u00f6ver och vilken hj\u00e4lp.<\/p>\n\n\n\n<p class=\"wp-block-paragraph\">SD &#8211; Det \u00e4r inte rimligt att en person kan ha sitt hem i G\u00f6teborg men samtidigt f\u00e5 s\u00e5 begr\u00e4nsade m\u00f6jligheter att delta i samh\u00e4llet. Vi vill st\u00e4rka sj\u00e4lvbest\u00e4mmande och delaktighet inom LSS. Personalen ska inte bara finnas f\u00f6r omsorg, utan ocks\u00e5 m\u00f6jligg\u00f6ra ett aktivt liv. H\u00e4r beh\u00f6ver G\u00f6teborg f\u00f6lja upp hur st\u00f6det faktiskt anv\u00e4nds och s\u00e4kerst\u00e4lla att individuella behov och \u00f6nskem\u00e5l styr.<\/p>\n\n\n\n<h3 class=\"wp-block-heading\"><strong>Vad tycker ni om att r\u00e4tten till f\u00e4rdtj\u00e4nst f\u00f6rsvinner dagtid mellan kl. 8\u201317 i s\u00f6dra sk\u00e4rg\u00e5rden?<\/strong><\/h3>\n\n\n\n<p class=\"wp-block-paragraph\">MP &#8211; F\u00e4rdtj\u00e4nsten ska ge personer som inte kan anv\u00e4nda vanlig kollektivtrafik m\u00f6jlighet att resa och delta i samh\u00e4llet. Om begr\u00e4nsningar g\u00f6r att m\u00e4nniskor i praktiken inte kan ta sig till arbete, aktiviteter, v\u00e5rd eller andra delar av vardagen \u00e4r det ett problem. Tillg\u00e4ngligheten m\u00e5ste fungera i hela G\u00f6teborg, \u00e4ven i sk\u00e4rg\u00e5rden<\/p>\n\n\n\n<p class=\"wp-block-paragraph\">L &#8211; Ingen ska f\u00f6rlora m\u00f6jligheten att resa bara f\u00f6r att det finns en annan buss eller trafikl\u00f6sning. P\u00e5 Dons\u00f6 och Styrs\u00f6 finns Flexlinjen p\u00e5 vardagar under dagen. N\u00e4r staden beslutar om f\u00e4rdtj\u00e4nst tittar den p\u00e5 om personen kan anv\u00e4nda till exempel Flexlinjen. Men det viktigaste \u00e4r om personen verkligen kan anv\u00e4nda Flexlinjen. Om en person inte klarar Flexlinjen p\u00e5 grund av sin funktionsneds\u00e4ttning ska personen inte bli fast hemma. Liberalerna vill att f\u00e4rdtj\u00e4nsten ska utg\u00e5 fr\u00e5n varje persons verkliga behov. Vi vill ocks\u00e5 unders\u00f6ka om det g\u00e5r att ha f\u00e4rdtj\u00e4nst i hela V\u00e4stra G\u00f6taland. Olika regler och gr\u00e4nser mellan kommuner ska inte hindra m\u00e4nniskor fr\u00e5n att arbeta, studera eller vara med i samh\u00e4llet.<\/p>\n\n\n\n<p class=\"wp-block-paragraph\">C &#8211; Det tycker jag \u00e4r helt kass. f\u00e4rdtj\u00e4nsten m\u00e5ste fungera \u00f6ver hela G\u00f6teborg och&nbsp;\u00e4ven p\u00e5 kv\u00e4llen&nbsp;<\/p>\n\n\n\n<p class=\"wp-block-paragraph\">SD &#8211; Vi \u00e4r kritiska till f\u00f6rs\u00e4mringar som g\u00f6r det sv\u00e5rare f\u00f6r m\u00e4nniskor med funktionsneds\u00e4ttning att leva ett sj\u00e4lvst\u00e4ndigt liv. F\u00e4rdtj\u00e4nsten \u00e4r inte en lyx \u2013 den \u00e4r f\u00f6r m\u00e5nga en f\u00f6ruts\u00e4ttning f\u00f6r arbete, fritid och delaktighet. G\u00f6teborg m\u00e5ste hitta l\u00f6sningar som fungerar \u00e4ven f\u00f6r sk\u00e4rg\u00e5rdsbor.<\/p>\n\n\n\n<h3 class=\"wp-block-heading\"><strong>Varf\u00f6r tas s\u00e5 m\u00e5nga elevassistenter bort fr\u00e5n skolan?<\/strong><\/h3>\n\n\n\n<p class=\"wp-block-paragraph\">MP &#8211; Vi tycker att utvecklingen g\u00e5r \u00e5t fel h\u00e5ll n\u00e4r st\u00f6d f\u00f6rsvinner f\u00f6r elever som beh\u00f6ver det. Alla barn ska f\u00e5 det st\u00f6d de beh\u00f6ver f\u00f6r att klara skolan. Milj\u00f6partiet vill st\u00e4rka st\u00f6det till elever med funktionsneds\u00e4ttning och s\u00e4rskilda behov och satsa p\u00e5 elevh\u00e4lsa och specialpedagogisk kompetens. Ibland \u00e4r en elevassistent precis det st\u00f6d en elev beh\u00f6ver och d\u00e5 ska det ocks\u00e5 finnas m\u00f6jlighet till det.<\/p>\n\n\n\n<p class=\"wp-block-paragraph\">L &#8211; Elever som beh\u00f6ver st\u00f6d ska f\u00e5 st\u00f6d. Besparingar f\u00e5r inte g\u00f6ra att ett barn blir utan den hj\u00e4lp som beh\u00f6vs. En elevassistent kan vara mycket viktig f\u00f6r vissa elever. Andra elever kan beh\u00f6va en speciall\u00e4rare, en mindre grupp eller annat st\u00f6d. Liberalerna vill ha fler speciall\u00e4rare och fler mindre undervisningsgrupper. Elever som beh\u00f6ver mycket st\u00f6d ska f\u00e5 hj\u00e4lp tidigt. Eleven ska inte f\u00f6rst beh\u00f6va misslyckas i skolan f\u00f6r att f\u00e5 hj\u00e4lp. Skolan ska anpassas efter eleverna. Eleverna ska inte beh\u00f6va passa in i en skola som inte fungerar f\u00f6r dem.<\/p>\n\n\n\n<p class=\"wp-block-paragraph\">C &#8211; Det \u00e4r riktigt illa nu med en skola som har brustit i att se varje elevs unika f\u00f6ruts\u00e4ttningar&nbsp;och behov. Skolan m\u00e5ste&nbsp;funka f\u00f6r alla. Vi kan ha fler beh\u00f6riga (utbildade) l\u00e4rare, b\u00e4ttre studiero, f\u00e4rre elever i klasserna, och dessutom&nbsp;ha r\u00e4tt st\u00f6d till de som beh\u00f6ver st\u00f6d. Ska Sverige ha ett samh\u00e4lle f\u00f6r alla m\u00e5ste alla f\u00e5 r\u00e4tt st\u00f6d och hj\u00e4lp f\u00f6r att kunna bidra sj\u00e4lva i samh\u00e4llet p\u00e5 sina f\u00f6ruts\u00e4ttningar.&nbsp;<\/p>\n\n\n\n<p class=\"wp-block-paragraph\">SD &#8211; Elevassistenter beh\u00f6vs n\u00e4r elever beh\u00f6ver st\u00f6d f\u00f6r att klara skolan. SD vill se en skola d\u00e4r kunskap, trygghet och studiero prioriteras. Neddragningar f\u00e5r inte g\u00f6ras med osthyvel utan att man ser till elevens behov. Vi vill ocks\u00e5 rikta resurserna tydligare till undervisning och elever som beh\u00f6ver s\u00e4rskilt st\u00f6d.<\/p>\n\n\n\n<h3 class=\"wp-block-heading\"><strong>Varf\u00f6r m\u00e5ste vi ha V\u00e4stl\u00e4nken?<\/strong><\/h3>\n\n\n\n<p class=\"wp-block-paragraph\">MP &#8211; G\u00f6teborg v\u00e4xer och fler beh\u00f6ver kunna resa h\u00e5llbart. V\u00e4stl\u00e4nken g\u00f6r att fler t\u00e5g kan g\u00e5 genom G\u00f6teborg och att fler kan komma n\u00e4rmare sin slutdestination utan att beh\u00f6va byta p\u00e5 Centralstationen. Bygget har samtidigt inneburit stora st\u00f6rningar och kostnader, vilket jag f\u00f6rst\u00e5r att m\u00e5nga \u00e4r kritiska till. Nu n\u00e4r s\u00e5 mycket redan \u00e4r byggt \u00e4r det viktigt att projektet f\u00e4rdigst\u00e4lls s\u00e5 snart som m\u00f6jligt och att vi f\u00e5r s\u00e5 stor nytta som m\u00f6jligt av investeringen.<\/p>\n\n\n\n<p class=\"wp-block-paragraph\">L &#8211; G\u00f6teborgs centralstation har inte plats f\u00f6r s\u00e5 m\u00e5nga t\u00e5g som beh\u00f6vs. T\u00e5gen m\u00e5ste k\u00f6ra in till stationen och sedan tillbaka samma v\u00e4g. V\u00e4stl\u00e4nken ska g\u00f6ra det m\u00f6jligt f\u00f6r fler t\u00e5g att k\u00f6ra genom G\u00f6teborg. Den ska ocks\u00e5 ge nya stationer. D\u00e5 kan fler m\u00e4nniskor komma n\u00e4rmare dit de ska. Trafikverket planerar att \u00f6ppna den nya stationen vid G\u00f6teborg Central i december 2026. Stationen ska ha fyra nya sp\u00e5r under marken. D\u00e5 kan fler t\u00e5g k\u00f6ra. M\u00e5nga har kritiserat V\u00e4stl\u00e4nken f\u00f6r att den kostar mycket och har blivit f\u00f6rsenad. Det har ocks\u00e5 funnits problem under bygget. Men mycket \u00e4r redan byggt. D\u00e4rf\u00f6r tycker vi att stationerna ska byggas klart. G\u00f6teborg ska f\u00e5 s\u00e5 mycket nytta som m\u00f6jligt av pengarna som redan har anv\u00e4nts. Vi vill ocks\u00e5 utveckla sp\u00e5rvagnar och annan kollektivtrafik. Alla delar av trafiken ska fungera bra tillsammans.<\/p>\n\n\n\n<p class=\"wp-block-paragraph\">C &#8211; V\u00e4stl\u00e4nken beh\u00f6ver vi f\u00f6r vi i framtiden m\u00e5ste \u00f6ka kapaciteten (ha fler t\u00e5g) i j\u00e4rnv\u00e4gssystemet och g\u00f6ra t\u00e5gen mer punktliga, s\u00e5 att m\u00e4nniskor och f\u00f6retag kan lite p\u00e5 t\u00e5gtrafiken.<\/p>\n\n\n\n<p class=\"wp-block-paragraph\">SD &#8211; Det \u00e4r just fr\u00e5gan: m\u00e5ste vi?&nbsp;SD har l\u00e4nge varit kritiska till V\u00e4stl\u00e4nken och de enorma kostnaderna. G\u00f6teborg beh\u00f6ver fungerande kollektivtrafik och b\u00e4ttre infrastruktur, men varje skattekrona m\u00e5ste anv\u00e4ndas d\u00e4r den g\u00f6r st\u00f6rst nytta. Vi vill prioritera s\u00e5dant som faktiskt f\u00f6rb\u00e4ttrar g\u00f6teborgarnas vardag framf\u00f6r prestigeprojekt.<\/p>\n\n\n\n<h3 class=\"wp-block-heading\"><strong>F\u00f6rs\u00e4kringskassan fattar beslut utan att tr\u00e4ffa personen sj\u00e4lv. Vad anser ni om det?<\/strong><\/h3>\n\n\n\n<p class=\"wp-block-paragraph\">MP &#8211; Beslut om st\u00f6d kan f\u00e5 v\u00e4ldigt stora konsekvenser f\u00f6r en m\u00e4nniskas liv. D\u00e4rf\u00f6r \u00e4r det viktigt med r\u00e4ttss\u00e4kra beslut och att den som ber\u00f6rs f\u00e5r m\u00f6jlighet att komma till tals. Myndigheter m\u00e5ste se personen bakom handlingarna och f\u00f6rst\u00e5 hur en funktionsneds\u00e4ttning faktiskt p\u00e5verkar vardagen. Vi vill ha en m\u00e4nskligare och mer r\u00e4ttss\u00e4ker socialf\u00f6rs\u00e4kring.<\/p>\n\n\n\n<p class=\"wp-block-paragraph\">L &#8211; Alla personer beh\u00f6ver inte tr\u00e4ffa F\u00f6rs\u00e4kringskassan. I vissa fall r\u00e4cker det med skriftliga uppgifter. Men myndigheter f\u00e5r inte bli kalla och opersonliga. Ibland g\u00e5r det inte att f\u00f6rst\u00e5 en persons liv och behov bara genom papper. D\u00e5 ska F\u00f6rs\u00e4kringskassan prata med personen. Det kan ske p\u00e5 telefon eller vid ett m\u00f6te. Vi vill ha myndigheter som \u00e4r b\u00e5de r\u00e4ttvisa och m\u00e4nskliga. F\u00f6rs\u00e4kringskassan ska: ha tillr\u00e4ckligt med information innan den fattar beslut, l\u00e5ta personen ber\u00e4tta om sin situation, skriva beslut som \u00e4r l\u00e4tta att f\u00f6rst\u00e5, ge information p\u00e5 ett s\u00e4tt som personen kan ta till sig, Detta \u00e4r extra viktigt f\u00f6r personer med funktionsneds\u00e4ttning.<\/p>\n\n\n\n<p class=\"wp-block-paragraph\">C &#8211; Helt \u00e4rligt kan jag inte f\u00f6r mitt liv f\u00f6rst\u00e5 varken hur det fungerar (det g\u00f6r det ju inte) eller att man som handl\u00e4ggare kan ta n\u00e5t beslut om en annan m\u00e4nniskas&nbsp;liv utan att tr\u00e4ffa den.&nbsp;och troligen beh\u00f6ver man tr\u00e4ffas flera g\u00e5nger. Centerpartiet vill att man&nbsp;ska ha makt \u00f6ver sitt eget liv. t ex vara med i besluten \u00f6ver vad man beh\u00f6ver f\u00f6r st\u00f6d, service och hj\u00e4lpmedel. Man m\u00e5ste f\u00e5 m\u00f6jlighet att delta, arbeta och forma sin egen vardag. och det \u00e4r ju helt om\u00f6jligt om man inte tr\u00e4ffar F\u00f6rs\u00e4kringskassan och handl\u00e4ggare.&nbsp;<\/p>\n\n\n\n<p class=\"wp-block-paragraph\">SD &#8211; Det \u00e4r problematiskt n\u00e4r beslut som f\u00e5r enorm betydelse f\u00f6r en m\u00e4nniskas liv fattas utan att beslutsfattaren ens tr\u00e4ffat personen. Vi vill ha en v\u00e4lf\u00e4rd som pr\u00e4glas av r\u00e4ttss\u00e4kerhet, respekt och individuella bed\u00f6mningar. Digitalisering f\u00e5r aldrig inneb\u00e4ra att m\u00e4nniskan f\u00f6rsvinner ur systemet.<\/p>\n\n\n\n<h3 class=\"wp-block-heading\"><br><strong>Hur samarbetar politiken med n\u00e4ringslivet f\u00f6r att f\u00e5 deltagare i daglig verksamhet ut i arbetslivet?<\/strong><\/h3>\n\n\n\n<p class=\"wp-block-paragraph\">MP &#8211; Daglig verksamhet ska utg\u00e5 fr\u00e5n individens m\u00e5l och f\u00f6ruts\u00e4ttningar. F\u00f6r den som vill och kan ta steget vidare till praktik eller arbete ska samh\u00e4llet hj\u00e4lpa till att \u00f6ppna de d\u00f6rrarna. Vi vill utveckla samarbetet med arbetsgivare och skapa fler praktikplatser och anpassade arbetsplatser. G\u00f6teborgs Stad ska ocks\u00e5 sj\u00e4lv vara en f\u00f6rebild och anst\u00e4lla fler personer med funktionsneds\u00e4ttning.<\/p>\n\n\n\n<p class=\"wp-block-paragraph\">L &#8211; G\u00f6teborg beh\u00f6ver bli mycket b\u00e4ttre p\u00e5 detta. Daglig verksamhet ska vara meningsfull. Men den som vill och kan ska ocks\u00e5 f\u00e5 m\u00f6jlighet att prova praktik eller arbete. Liberalerna vill att varje person i daglig verksamhet ska f\u00e5 en egen plan. Planen ska visa vad personen vill g\u00f6ra och vilket st\u00f6d personen beh\u00f6ver. Vi vill ha fler praktikplatser hos f\u00f6retag, kommunen och f\u00f6reningar. Fler arbetsplatser m\u00e5ste \u00f6ppna d\u00f6rren f\u00f6r personer med funktionsneds\u00e4ttning. Vi vill ocks\u00e5 f\u00f6lja upp planerna. Ingen ska bli kvar i samma verksamhet \u00e5r efter \u00e5r bara f\u00f6r att ingen har fr\u00e5gat vad personen vill g\u00f6ra h\u00e4rn\u00e4st. Vi ska tro p\u00e5 m\u00e4nniskors f\u00f6rm\u00e5ga. Samtidigt ska st\u00f6det alltid anpassas efter varje persons behov.<\/p>\n\n\n\n<p class=\"wp-block-paragraph\">C &#8211; Politiken kan g\u00f6ra det enklare och ibland billigare f\u00f6r f\u00f6retag att anst\u00e4lla eller ha praktikanter. Och se till att man som funktionsnedsatt har m\u00f6jlighet att prova arbete eller studier utan att f\u00f6rlora sjuk- eller aktivitetsers\u00e4ttning. Man ska s\u00e5 klart ha m\u00f6jlighet till praktik i daglig verksamhet.&nbsp; Det vi kan g\u00f6ra \u00e4nnu mer \u00e4r ju att se till att kommuner, t ex G\u00f6teborgs stad, blir b\u00e4ttre p\u00e5 att ha praktikplatser, dagliga verksamheter p\u00e5 t ex vissa kommunkontor, och s\u00e5 klart anst\u00e4lla personer med funktionsneds\u00e4ttning i mycket h\u00f6gre grad \u00e4n vad som sker idag. Idag \u00e4r n\u00e4ringslivet, sm\u00e5 och medelstora f\u00f6retag mycket b\u00e4ttre p\u00e5 det.&nbsp;<\/p>\n\n\n\n<p class=\"wp-block-paragraph\">SD &#8211; Daglig verksamhet ska inte bli en slutstation. Vi vill st\u00e4rka samarbetet mellan kommunen, arbetsgivare och andra akt\u00f6rer s\u00e5 att fler f\u00e5r m\u00f6jlighet att prova arbete utifr\u00e5n sin f\u00f6rm\u00e5ga. Det kan handla om praktik, handledning, l\u00f6nebidrag och individuellt anpassade v\u00e4gar in p\u00e5 arbetsmarknaden. Alla som kan bidra ska f\u00e5 m\u00f6jlighet att g\u00f6ra det.<\/p>\n\n\n\n<h3 class=\"wp-block-heading\"><strong>Hur arbetar ni med att hitta och skapa aktiviteter f\u00f6r unga och \u00e4ldre s\u00e5 att de inte sitter hemma?<\/strong><\/h3>\n\n\n\n<p class=\"wp-block-paragraph\">MP &#8211; Ingen ska beh\u00f6va bli isolerad f\u00f6r att samh\u00e4llet inte \u00e4r tillg\u00e4ngligt. Vi vill att fler ska kunna delta i kultur, f\u00f6reningsliv och andra fritidsaktiviteter. D\u00e5 beh\u00f6vs tillg\u00e4ngliga lokaler och aktiviteter, men ocks\u00e5 fungerande ledsagning och andra st\u00f6dinsatser. Det \u00e4r ocks\u00e5 viktigt att fr\u00e5ga m\u00e4nniskor sj\u00e4lva vad de vill g\u00f6ra och skapa aktiviteter tillsammans med dem, inte bara \u00e5t dem.<\/p>\n\n\n\n<p class=\"wp-block-paragraph\">L &#8211; M\u00e5nga m\u00e4nniskor k\u00e4nner sig ensamma. M\u00e5nga sitter ocks\u00e5 hemma fast de egentligen vill g\u00f6ra n\u00e5got annat. Det r\u00e4cker inte att en aktivitet finns n\u00e5gonstans i G\u00f6teborg. Personen m\u00e5ste ocks\u00e5: f\u00e5 veta att aktiviteten finns, ha r\u00e5d att delta, kunna ta sig dit, k\u00e4nna sig v\u00e4lkommen, Liberalerna vill ge f\u00f6reningar b\u00e4ttre st\u00f6d. Vi vill ocks\u00e5 ge s\u00e4rskilt st\u00f6d till aktiviteter f\u00f6r personer med funktionsneds\u00e4ttning. St\u00f6det kan till exempel anv\u00e4ndas till ledsagare eller utrustning som g\u00f6r det l\u00e4ttare att delta. Vi vill g\u00f6ra det enklare att hitta aktiviteter n\u00e4ra hemmet. Vi vill ocks\u00e5 ha fler aktiviteter d\u00e4r man kan komma utan l\u00e5ng planering. F\u00f6r \u00e4ldre vill vi st\u00f6dja fler f\u00f6reningar, m\u00f6tesplatser och aktiviteter som minskar ensamhet. Kommunen och f\u00f6reningar beh\u00f6ver ocks\u00e5 bli b\u00e4ttre p\u00e5 att s\u00f6ka upp personer som inte sj\u00e4lva hittar till aktiviteterna. Alla ska f\u00e5 m\u00f6jlighet att vara med i en gemenskap p\u00e5 sitt eget s\u00e4tt.<\/p>\n\n\n\n<p class=\"wp-block-paragraph\">C &#8211; Det l\u00e5ter som en bra id\u00e9 att DV&nbsp;skulle st\u00e4da p\u00e5 gator och torg. D\u00e5 skulle man p\u00e5 G\u00f6teborgs stad, troligen beh\u00f6va starta en DV med just det syftet. Jag \u00e4r os\u00e4ker&nbsp;p\u00e5 hur det skulle g\u00e5 till, men jag vet att det t ex finns eller fanns DV p\u00e5 Chalmers som sk\u00f6tte ett fik d\u00e4r, jag tror det var Br\u00e4cke Diakoni som startade det. S\u00e5 om staden eller f\u00f6retag vill s\u00e5 kan det antagligen ordnas. D\u00e5 skulle man ju verkligen&nbsp;g\u00f6ra stor skillnad i samh\u00e4llet.&nbsp;<\/p>\n\n\n\n<p class=\"wp-block-paragraph\">SD &#8211; Vi vill motverka ensamhet och passivitet genom fler meningsfulla aktiviteter n\u00e4ra m\u00e4nniskor. F\u00f6r \u00e4ldre handlar det bland annat om m\u00f6tesplatser, f\u00f6reningsliv och m\u00f6jligheten att forts\u00e4tta vara aktiv och delaktig. F\u00f6r unga beh\u00f6vs trygga fritidsmilj\u00f6er, idrott och f\u00f6reningsliv. G\u00f6teborg ska anv\u00e4nda sina resurser till s\u00e5dant som faktiskt skapar gemenskap och ett rikare vardagsliv.<\/p>\n\n\n\n<h3 class=\"wp-block-heading\"><strong>Kan vi p\u00e5 daglig verksamhet st\u00e4da mer p\u00e5 gatorna?<\/strong><\/h3>\n\n\n\n<p class=\"wp-block-paragraph\">MP &#8211; Absolut, om deltagarna sj\u00e4lva vill och det passar verksamheten. Daglig verksamhet kan bidra med m\u00e5nga viktiga arbetsuppgifter i staden. Samtidigt \u00e4r det viktigt att det inte blir ett s\u00e4tt att ers\u00e4tta vanliga anst\u00e4llningar med billig arbetskraft. Arbetsuppgifterna ska vara meningsfulla och utg\u00e5 fr\u00e5n deltagarnas \u00f6nskem\u00e5l och utveckling. Och f\u00f6r den som kan och vill g\u00e5 vidare till ett vanligt arbete ska det finnas st\u00f6d f\u00f6r att g\u00f6ra det.<\/p>\n\n\n\n<p class=\"wp-block-paragraph\">L \u2013 Ja, det kan vara en bra arbetsuppgift f\u00f6r den som sj\u00e4lv vill g\u00f6ra det. Daglig verksamhet kan ha m\u00e5nga olika arbetsuppgifter. Arbetet ska vara meningsfullt och s\u00e4kert. Det ska ocks\u00e5 passa personens behov och \u00f6nskem\u00e5l. Daglig verksamhet \u00e4r inte en vanlig anst\u00e4llning. Personer i daglig verksamhet ska inte anv\u00e4ndas som billig arbetskraft i st\u00e4llet f\u00f6r personer som har en vanlig l\u00f6n. Men det kan vara bra att arbeta tillsammans med till exempel kommunen. Man kan hj\u00e4lpa till att: h\u00e5lla G\u00f6teborg rent, sk\u00f6ta parker, arbeta med \u00e5tervinning, g\u00f6ra andra serviceuppgifter, Det kan ge stolthet, gemenskap och erfarenhet av arbetslivet. Om en person klarar arbetsuppgifter som liknar ett vanligt jobb ska vi fr\u00e5ga: Hur kan vi hj\u00e4lpa personen vidare till praktik eller en riktig anst\u00e4llning?<\/p>\n\n\n\n<p class=\"wp-block-paragraph\">C &#8211; Att m\u00e4nniskor har syssels\u00e4ttning och en bra fritid \u00e4r livsviktigt inte bara f\u00f6r individen utan \u00e4ven dess familj och f\u00f6r samh\u00e4llet. N\u00e4r fler f\u00e5r m\u00f6jlighet att delta, arbeta och forma sin egen vardag blir hela samh\u00e4llet friare och starkare. och Centerpartiet vill ha ett samh\u00e4lle f\u00f6r alla &#8211; inte bara f\u00f6r n\u00e5gra f\u00e5.&nbsp;<\/p>\n\n\n\n<p class=\"wp-block-paragraph\">SD &#8211; Ja, absolut &#8211; om det \u00e4r frivilligt, meningsfullt och individuellt anpassat.&nbsp; Daglig verksamhet ska ge m\u00f6jlighet till delaktighet och utveckling. Att exempelvis hj\u00e4lpa till att h\u00e5lla parker och gator rena kan vara en konkret och uppskattad arbetsuppgift, samtidigt som deltagarna blir en synlig del av samh\u00e4llet. Det ska ske med r\u00e4tt st\u00f6d, handledning och utifr\u00e5n varje persons f\u00f6ruts\u00e4ttningar.<\/p>\n\n\n\n<p class=\"wp-block-paragraph\"><\/p>\n","protected":false},"excerpt":{"rendered":"<p>I augusti ordnade f\u00f6rvaltningen f\u00f6r funktionsst\u00f6d tre dagar om valet, funktionsst\u00f6dsdagarna, p\u00e5 tre olika platser i G\u00f6teborg. Syftet var att fler personer med funktionsneds\u00e4ttning ska f\u00e5 kunskap om valet, k\u00e4nna sig trygga med att r\u00f6sta och kunna vara med och p\u00e5verka. Cirka 300 personer bes\u00f6kare kunde lyssna p\u00e5 f\u00f6rel\u00e4sningar, prova p\u00e5 hur det g\u00e5r till &hellip; <a href=\"https:\/\/dinrost.goteborg.se\/?page_id=820\" class=\"more-link\">Forts\u00e4tt l\u00e4sa <span class=\"screen-reader-text\">Fr\u00e5gor till partierna fr\u00e5n funktionsst\u00f6dsdagarna<\/span><\/a><\/p>\n","protected":false},"author":3,"featured_media":0,"parent":0,"menu_order":0,"comment_status":"closed","ping_status":"closed","template":"","meta":{"footnotes":""},"class_list":["post-820","page","type-page","status-publish","hentry"],"_links":{"self":[{"href":"https:\/\/dinrost.goteborg.se\/index.php?rest_route=\/wp\/v2\/pages\/820","targetHints":{"allow":["GET"]}}],"collection":[{"href":"https:\/\/dinrost.goteborg.se\/index.php?rest_route=\/wp\/v2\/pages"}],"about":[{"href":"https:\/\/dinrost.goteborg.se\/index.php?rest_route=\/wp\/v2\/types\/page"}],"author":[{"embeddable":true,"href":"https:\/\/dinrost.goteborg.se\/index.php?rest_route=\/wp\/v2\/users\/3"}],"replies":[{"embeddable":true,"href":"https:\/\/dinrost.goteborg.se\/index.php?rest_route=%2Fwp%2Fv2%2Fcomments&post=820"}],"version-history":[{"count":4,"href":"https:\/\/dinrost.goteborg.se\/index.php?rest_route=\/wp\/v2\/pages\/820\/revisions"}],"predecessor-version":[{"id":829,"href":"https:\/\/dinrost.goteborg.se\/index.php?rest_route=\/wp\/v2\/pages\/820\/revisions\/829"}],"wp:attachment":[{"href":"https:\/\/dinrost.goteborg.se\/index.php?rest_route=%2Fwp%2Fv2%2Fmedia&parent=820"}],"curies":[{"name":"wp","href":"https:\/\/api.w.org\/{rel}","templated":true}]}}